{"id":364,"date":"2025-02-11T01:40:01","date_gmt":"2025-02-10T22:40:01","guid":{"rendered":"https:\/\/expo-sport.com\/?page_id=364"},"modified":"2025-02-11T01:40:01","modified_gmt":"2025-02-10T22:40:01","slug":"yenileniyoruz","status":"publish","type":"page","link":"https:\/\/expo-sport.com\/en\/yenileniyoruz\/","title":{"rendered":"Yenileniyoruz"},"content":{"rendered":"<div class=\"wpb-content-wrapper\">    <section class=\"container-wrap  main-color \" style=\"\" >\n\t\t<div class=\"section-container container-full\">\n\t\t\t<div class=\"vc_row wpb_row vc_row-fluid row vc_row-o-full-height vc_row-o-columns-middle vc_row-flex\">\n\t\t\t\t<div class=\"wpb_column vc_column_container vc_col-sm-12\">\n    <div class=\"vc_column-inner \">\n        <div class=\"wpb_wrapper\">\n            \n\t\t\t\t<p class=\"rs-p-wp-fix\"><\/p>\n\t\t\t\t<sr7-module data-alias=\"slider-1\" data-id=\"1\" id=\"SR7_1_1\" class=\"rs-ov-hidden\" data-version=\"6.7.25\">\n\t\t\t\t\t<sr7-adjuster><\/sr7-adjuster>\n\t\t\t\t\t<sr7-content>\n\t\t\t\t\t\t<sr7-slide id=\"SR7_1_1-1\" data-key=\"1\">\n\t\t\t\t\t\t\t<sr7-txt id=\"SR7_1_1-1-0\" class=\"sr7-layer\">IV. EXPO SPORT ULUSLARARASI SPOR & WELLNESS FUARI<br \/>\n17-20 EYL\u00dcL 2026<br \/>\n\u0130ZM\u0130R<\/sr7-txt>\n\t\t\t\t\t\t\t<sr7-txt id=\"SR7_1_1-1-1\" class=\"sr7-layer\">Expo Sport International<br \/>\n2026'ya Ho\u015f Geldiniz<\/sr7-txt>\n\t\t\t\t\t\t\t<sr7-txt id=\"SR7_1_1-1-3\" class=\"sr7-layer\">Spor ve Sa\u011fl\u0131k D\u00fcnyas\u0131n\u0131n Bulu\u015fma Noktas\u0131<\/sr7-txt>\n\t\t\t\t\t\t\t<a id=\"SR7_1_1-1-5\" class=\"sr7-layer\" href=\"https:\/\/expo-sport.com\/katilim-talebi\/\" target=\"_self\">Stand Sat\u0131n Al<\/a>\n\t\t\t\t\t\t\t<a id=\"SR7_1_1-1-6\" class=\"sr7-layer\" href=\"https:\/\/online.izmirfair.com.tr\/fair\/bilet.php?id=4417\" target=\"_blank\" rel=\"noopener\">Tam Fuar bileti<\/a>\n\t\t\t\t\t\t\t<a id=\"SR7_1_1-1-7\" class=\"sr7-layer\" href=\"https:\/\/online.izmirfair.com.tr\/fair\/bilet.php?id=4418\" target=\"_blank\" rel=\"noopener\">G\u00fcnl\u00fck Fuar Bileti<\/a>\n\t\t\t\t\t\t\t<sr7-txt id=\"SR7_1_1-1-9\" class=\"sr7-layer\">17-20 Eyl\u00fcl 2026 tarihleri aras\u0131nda \u0130zmir'de d\u00fczenlenecek olan IV. Expo Sport Izmir'e davetlisiniz! Spor ve sa\u011fl\u0131k sekt\u00f6r\u00fcn\u00fcn liderleriyle tan\u0131\u015fmak, yenilik\u00e7i \u00fcr\u00fcnleri ke\u015ffetmek ve ilham verici etkinliklere kat\u0131lmak i\u00e7in ka\u00e7\u0131r\u0131lmayacak bir f\u0131rsat.<br \/>\n<\/sr7-txt>\n\t\t\t\t\t\t<\/sr7-slide>\n\t\t\t\t\t\t<sr7-slide id=\"SR7_1_1-2\" data-key=\"2\">\n\t\t\t\t\t\t<\/sr7-slide>\n\t\t\t\t\t<\/sr7-content>\n\t\t\t\t<\/sr7-module>\n\t\t\t\t<script>\n\t\t\t\t\tSR7.PMH ??={}; SR7.PMH[\"SR7_1_1\"] = {cn:100,state:false,fn: function() { if (_tpt!==undefined && _tpt.prepareModuleHeight !== undefined) {  _tpt.prepareModuleHeight({id:\"SR7_1_1\",el:[900,900,900,900,950],type:'standard',shdw:'0',gh:[900,900,900,900,950],gw:[1240,1240,1240,1240,480],vpt:['-100px&#039;,&#039;-100px&#039;,&#039;-100px&#039;,&#039;-100px&#039;,&#039;-100px'],size:{fullWidth:true, fullHeight:false},mh:'0',onh:0,onw:0,bg:{color:'{\"orig\":\"transparent\",\"type\":\"solid\",\"string\":\"transparent\"}'}});   SR7.PMH[\"SR7_1_1\"].state=true;} else if(SR7.PMH[\"SR7_1_1\"].cn-->0)\tsetTimeout( SR7.PMH[\"SR7_1_1\"].fn,19);}};SR7.PMH[\"SR7_1_1\" ].fn();\n\t\t\t\t<\/script>\n        <\/div>\n    <\/div>\n<\/div>\n\t\t\t<\/div>\n        <\/div>\n            <\/section>\n\n<\/div>","protected":false},"excerpt":{"rendered":"IV. EXPO SPORT ULUSLARARASI SPOR & WELLNESS FUARI 17-20 EYL\u00dcL 2026 \u0130ZM\u0130R Expo Sport International 2026'ya Ho\u015f Geldiniz Spor ve Sa\u011fl\u0131k D\u00fcnyas\u0131n\u0131n Bulu\u015fma Noktas\u0131 Stand Sat\u0131n Al Tam Fuar bileti G\u00fcnl\u00fck Fuar Bileti 17-20 Eyl\u00fcl 2026 tarihleri aras\u0131nda \u0130zmir'de d\u00fczenlenecek olan IV. Expo Sport Izmir'e davetlisiniz! Spor ve sa\u011fl\u0131k sekt\u00f6r\u00fcn\u00fcn liderleriyle tan\u0131\u015fmak, yenilik\u00e7i \u00fcr\u00fcnleri ke\u015ffetmek ve ilham verici etkinliklere kat\u0131lmak [...]","protected":false},"author":1,"featured_media":0,"parent":0,"menu_order":0,"comment_status":"closed","ping_status":"closed","template":"","meta":{"footnotes":""},"class_list":["post-364","page","type-page","status-publish","hentry"],"_links":{"self":[{"href":"https:\/\/expo-sport.com\/en\/wp-json\/wp\/v2\/pages\/364","targetHints":{"allow":["GET"]}}],"collection":[{"href":"https:\/\/expo-sport.com\/en\/wp-json\/wp\/v2\/pages"}],"about":[{"href":"https:\/\/expo-sport.com\/en\/wp-json\/wp\/v2\/types\/page"}],"author":[{"embeddable":true,"href":"https:\/\/expo-sport.com\/en\/wp-json\/wp\/v2\/users\/1"}],"replies":[{"embeddable":true,"href":"https:\/\/expo-sport.com\/en\/wp-json\/wp\/v2\/comments?post=364"}],"version-history":[{"count":1,"href":"https:\/\/expo-sport.com\/en\/wp-json\/wp\/v2\/pages\/364\/revisions"}],"predecessor-version":[{"id":365,"href":"https:\/\/expo-sport.com\/en\/wp-json\/wp\/v2\/pages\/364\/revisions\/365"}],"wp:attachment":[{"href":"https:\/\/expo-sport.com\/en\/wp-json\/wp\/v2\/media?parent=364"}],"curies":[{"name":"wp","href":"https:\/\/api.w.org\/{rel}","templated":true}]}}